{"id":17,"date":"2017-06-10T08:25:36","date_gmt":"2017-06-10T08:25:36","guid":{"rendered":"http:\/\/xtratheme.comarchitect\/?page_id=8"},"modified":"2021-04-07T10:53:50","modified_gmt":"2021-04-07T08:53:50","slug":"expertise","status":"publish","type":"page","link":"https:\/\/lesensdulieu.com\/index.php\/expertise\/","title":{"rendered":"Expertise"},"content":{"rendered":"<div class=\"wpb-content-wrapper\"><p>[vc_row full_width=\u00a0\u00bbstretch_row\u00a0\u00bb content_placement=\u00a0\u00bbmiddle\u00a0\u00bb css=\u00a0\u00bb.vc_custom_1556286232236{background-position: 0 0 !important;background-repeat: no-repeat !important;}\u00a0\u00bb][vc_column css=\u00a0\u00bb.vc_custom_1616103257133{background-position: center !important;background-repeat: no-repeat !important;background-size: cover !important;}\u00a0\u00bb]<div class=\"cz_gap clr  hide_on_tablet hide_on_mobile\" style=\"height: 18px\"><\/div><div class=\"cz_gap show_on_tablet clr  show_only_tablet\" style=\"height: 10px\"><\/div><div class=\"cz_gap show_on_mobile clr\" style=\"height: 8px\"><\/div><div class=\"clr cz_parallax_v_14 cz_parallax_stop\"><div id=\"cz_66770\" class=\"cz_66770 cz_title clr cz_mobile_text_center cz_title_pos_center tac wpb_animate_when_almost_visible fadeInUp\"><div class=\"cz_title_content\"><div class=\"cz_wpe_content\"><p class=\"BIG-titres-ombres\" style=\"text-align: center;\"><span style=\"color: #ffa101;\"><span style=\"line-height: 1; font-family: inherit; font-size: 48px;\"><span style=\"display: block;\">ACCOMPAGNEMENTS FENG SHUI<\/span><\/span><\/span><\/p>\n<\/div><\/div><\/div><\/div><div class=\"cz_gap clr  hide_on_tablet hide_on_mobile\" style=\"height: 18px\"><\/div><div class=\"cz_gap show_on_tablet clr  show_only_tablet\" style=\"height: 10px\"><\/div><div class=\"cz_gap show_on_mobile clr\" style=\"height: 8px\"><\/div>[\/vc_column][\/vc_row][vc_row css=\u00a0\u00bb.vc_custom_1616102923571{padding-top: 38px !important;}\u00a0\u00bb][vc_column css=\u00a0\u00bb.vc_custom_1616102934293{margin-top: 10px !important;margin-bottom: 24px !important;padding-top: 24px !important;}\u00a0\u00bb][vc_row_inner equal_height=\u00a0\u00bbyes\u00a0\u00bb gap=\u00a0\u00bb20&Prime; css=\u00a0\u00bb.vc_custom_1616103471763{margin-top: -38px !important;}\u00a0\u00bb][vc_column_inner]<div id=\"cz_72724\" class=\"cz_72724 cz_title clr cz_mobile_text_center cz_title_pos_center tac wpb_animate_when_almost_visible fadeIn\"><div class=\"cz_title_content\"><div class=\"cz_wpe_content\"><p class=\"MID-titres-ombres\" style=\"text-align: center;\"><span style=\"line-height: 1; font-family: inherit; font-size: 32px; color: #ffa007;\"><span style=\"display: block; font-weight: 400;\"><span style=\"color: ##ffa007;\">PARTICULIERS<\/span><\/span><\/span><\/p>\n<h3 style=\"text-align: center;\"><span style=\"color: #ffa007;\">Bien vivre &amp; bien habiter<\/span><\/h3>\n<\/div><\/div><\/div><div class=\"cz_gap clr  hide_on_tablet hide_on_mobile\" style=\"height: 54px\"><\/div><div class=\"cz_gap show_on_tablet clr  show_only_tablet\" style=\"height: 32px\"><\/div><div class=\"cz_gap show_on_mobile clr\" style=\"height: 16px\"><\/div>[\/vc_column_inner][\/vc_row_inner][vc_row_inner equal_height=\u00a0\u00bbyes\u00a0\u00bb gap=\u00a0\u00bb20&Prime; css=\u00a0\u00bb.vc_custom_1616102957487{margin-top: -38px !important;}\u00a0\u00bb][vc_column_inner width=\u00a0\u00bb1\/4&Prime;][vc_single_image image=\u00a0\u00bb2828&Prime; img_size=\u00a0\u00bbfull\u00a0\u00bb style=\u00a0\u00bbvc_box_rounded\u00a0\u00bb][vc_column_text css=\u00a0\u00bb.vc_custom_1616429516075{margin-top: -40px !important;}\u00a0\u00bb]<\/p>\n<p style=\"text-align: center;\"><span style=\"font-size: 10px;\">Cr\u00e9dit photo : Laura Davidson<\/span><\/p>\n<p>[\/vc_column_text]<div class=\"cz_gap clr  hide_on_tablet hide_on_mobile\" style=\"height: 18px\"><\/div><div class=\"cz_gap show_on_tablet clr  show_only_tablet\" style=\"height: 10px\"><\/div><div class=\"cz_gap show_on_mobile clr\" style=\"height: 8px\"><\/div>[\/vc_column_inner][vc_column_inner width=\u00a0\u00bb3\/4&Prime; css=\u00a0\u00bb.vc_custom_1616103284092{padding-top: 20px !important;padding-right: 24px !important;padding-bottom: 24px !important;padding-left: 24px !important;background-color: rgba(224,224,216,0.3) !important;*background-color: rgb(224,224,216) !important;}\u00a0\u00bb][vc_column_text]<\/p>\n<h4><span style=\"color: #ffa007;\">Manifeste<\/span><\/h4>\n<p>Nos int\u00e9rieurs sont bien souvent le reflet de nos \u00e9motions. Foutraques, organis\u00e9s, stricts, contraints, libres, tristes, joyeux\u2026 si vous saviez comme l\u00e0 o\u00f9 nous vivons parle de nous\u00a0! Comme nos lieux de vie sont l\u2019expression de croyances, de blocages, de limites que nous pouvons d\u00e9passer.<\/p>\n<p>Je vous invite \u00e0 poser un regard neuf sur votre environnement pour dissoudre ce qui vous emp\u00eache d\u2019avancer. Gr\u00e2ce \u00e0 l\u2019observation, au nettoyage \u00e9nerg\u00e9tique et \u00e0 la r\u00e9organisation de vos espaces, nous allons co-cr\u00e9er un nouvel environnement propice \u00e0 l\u2019harmonie, au d\u00e9ploiement et \u00e0 la vitalit\u00e9.<\/p>\n<h4><span style=\"color: #ffa007;\">Accompagnement<\/span><\/h4>\n<p>Un accompagnement en 3 temps\u00a0:<\/p>\n<ul>\n<li>Visite-diagnostic\u00a0\/ Conseil-solutions \/ Contre visite-finalisation<\/li>\n<\/ul>\n<p>Un conseil qui repose sur :<\/p>\n<ul>\n<li>La g\u00e9ographie et l\u2019environnement naturel de votre habitat : l\u2019emplacement, la forme et les caract\u00e9ristiques du terrain.<\/li>\n<li>L\u2019environnement urbain, sa localisation, la forme du b\u00e2timent, son orientation, l\u2019architecture et la fa\u00e7ade.<\/li>\n<li>Les param\u00e8tres individuels des habitants de votre foyer.<\/li>\n<li>L\u2019emplacement des pi\u00e8ces et leurs am\u00e9nagements.<\/li>\n<\/ul>\n<h4><span style=\"color: #ffa007;\">B\u00e9n\u00e9fices<\/span><\/h4>\n<ul>\n<li>Sortir du conflit int\u00e9rieur, achever un cycle et se positionner en assumant ses choix.<\/li>\n<li>Retrouver un nouveau souffle et d\u00e9ployer une \u00e9nergie vitale durable.<\/li>\n<li>Prendre conscience et changer de regard sur sa valeur personnelle.<\/li>\n<li>Asseoir sa capacit\u00e9 \u00e0 se mettre en mouvement et en action.<\/li>\n<li>Valoriser un lieu \u00e0 vendre ou \u00e0 louer.<\/li>\n<\/ul>\n<h4><span style=\"color: #ffa007;\">Tarifs<\/span><\/h4>\n<p>\u00c0\u00a0titre d&rsquo;exemples :<\/p>\n<ul>\n<li>Forfait Studio ou chambre en colocation\u00a0: forfait 4H\/320\u20ac net (hors frais de d\u00e9placement)<\/li>\n<li>Forfait appartement ou maison jusqu\u2019\u00e0 50m2\u00a0: 490\u20ac net (hors frais de d\u00e9placement)<\/li>\n<li>Forfait appartement ou maison jusqu\u2019\u00e0 100m2\u00a0: 950\u20ac net (hors frais de d\u00e9placement)<\/li>\n<\/ul>\n<p>[\/vc_column_text][\/vc_column_inner][vc_column_inner]<div class=\"cz_gap clr  hide_on_tablet hide_on_mobile\" style=\"height: 40px\"><\/div><div class=\"cz_gap show_on_tablet clr  show_only_tablet\" style=\"height: 20px\"><\/div><div class=\"cz_gap show_on_mobile clr\" style=\"height: 10px\"><\/div><div class=\"cz_gap clr  hide_on_tablet hide_on_mobile\" style=\"height: 18px\"><\/div><div class=\"cz_gap show_on_tablet clr  show_only_tablet\" style=\"height: 10px\"><\/div><div class=\"cz_gap show_on_mobile clr\" style=\"height: 8px\"><\/div>[\/vc_column_inner][\/vc_row_inner][vc_row_inner equal_height=\u00a0\u00bbyes\u00a0\u00bb gap=\u00a0\u00bb20&Prime; css=\u00a0\u00bb.vc_custom_1534163750021{margin-top: -38px !important;}\u00a0\u00bb][vc_column_inner]<div class=\"cz_gap clr  hide_on_tablet hide_on_mobile\" style=\"height: 18px\"><\/div><div class=\"cz_gap show_on_tablet clr  show_only_tablet\" style=\"height: 10px\"><\/div><div class=\"cz_gap show_on_mobile clr\" style=\"height: 8px\"><\/div><div class=\"cz_gap clr  hide_on_tablet hide_on_mobile\" style=\"height: 18px\"><\/div><div class=\"cz_gap show_on_tablet clr  show_only_tablet\" style=\"height: 10px\"><\/div><div class=\"cz_gap show_on_mobile clr\" style=\"height: 8px\"><\/div><div id=\"cz_15038\" class=\"cz_15038 cz_title clr cz_mobile_text_center cz_title_pos_center tac wpb_animate_when_almost_visible fadeIn\"><div class=\"cz_title_content\"><div class=\"cz_wpe_content\"><p class=\"MID-titres-ombres\" style=\"text-align: center;\"><span style=\"line-height: 1; font-family: inherit; font-size: 32px; color: #ffa007;\"><span style=\"display: block; font-weight: 400;\">PROFESSIONNELS<\/span><\/span><\/p>\n<h3 style=\"text-align: center;\"><span style=\"color: #ffa308;\">Bien \u00eatre &amp; bien travailler<\/span><\/h3>\n<\/div><\/div><\/div><div class=\"cz_gap clr  hide_on_tablet hide_on_mobile\" style=\"height: 54px\"><\/div><div class=\"cz_gap show_on_tablet clr  show_only_tablet\" style=\"height: 32px\"><\/div><div class=\"cz_gap show_on_mobile clr\" style=\"height: 16px\"><\/div>[\/vc_column_inner][\/vc_row_inner][vc_row_inner equal_height=\u00a0\u00bbyes\u00a0\u00bb gap=\u00a0\u00bb20&Prime; css=\u00a0\u00bb.vc_custom_1534163750021{margin-top: -38px !important;}\u00a0\u00bb][vc_column_inner width=\u00a0\u00bb1\/4&Prime;][vc_single_image image=\u00a0\u00bb2830&Prime; img_size=\u00a0\u00bbfull\u00a0\u00bb style=\u00a0\u00bbvc_box_rounded\u00a0\u00bb][vc_column_text css=\u00a0\u00bb.vc_custom_1616429539036{margin-top: -40px !important;}\u00a0\u00bb]<\/p>\n<p style=\"text-align: center;\"><span style=\"font-size: 10px;\">Cr\u00e9dit photo : Jean-Philippe Delberghe<\/span><\/p>\n<p>[\/vc_column_text]<div class=\"cz_gap clr  hide_on_tablet hide_on_mobile\" style=\"height: 18px\"><\/div><div class=\"cz_gap show_on_tablet clr  show_only_tablet\" style=\"height: 10px\"><\/div><div class=\"cz_gap show_on_mobile clr\" style=\"height: 8px\"><\/div>[\/vc_column_inner][vc_column_inner width=\u00a0\u00bb3\/4&Prime; css=\u00a0\u00bb.vc_custom_1616103313945{padding-top: 20px !important;padding-right: 24px !important;padding-bottom: 24px !important;padding-left: 24px !important;background-color: rgba(224,224,216,0.3) !important;*background-color: rgb(224,224,216) !important;}\u00a0\u00bb][vc_column_text]<\/p>\n<h4><span style=\"color: #f9a515;\">Manifeste<\/span><\/h4>\n<p>Et si Performance rimait avec \u00ab\u00a0bien-\u00eatre\u00a0\u00bb, \u00ab\u00a0bien travailler\u00a0\u00bb et Feng Shui\u00a0?<\/p>\n<p>L\u2019activit\u00e9 de vos collaborateurs et leur mani\u00e8re d\u2019investir leur bureau ou atelier est d\u00e9terminante dans la fa\u00e7on de penser l\u2019espace. L\u2019entreprise n\u2019est pas seulement un lieu de travail, c\u2019est un lieu de vie, au sein duquel les \u00eatres ont besoin de se sentir bien pour d\u00e9cupler leurs id\u00e9es, leurs talents et leurs r\u00e9ussites. L\u2019entreprise est non seulement un lieu d\u2019\u00e9change et de partage mais aussi une plateforme o\u00f9 les flux d\u2019\u00e9nergies convergent et s\u2019activent. Gr\u00e2ce \u00e0 l\u2019observation, au nettoyage \u00e9nerg\u00e9tique et \u00e0 l\u2019am\u00e9nagement de vos espaces professionnels, nous allons co-cr\u00e9er un nouvel environnement propice \u00e0 la concentration, aux interconnexions et \u00e0 l\u2019expansion de vos projets.<\/p>\n<h4><span style=\"color: #f9a515;\">Accompagnement<\/span><\/h4>\n<p>Un accompagnement en 3 temps\u00a0:<\/p>\n<ul>\n<li>Visite-diagnostic\u00a0\/ Conseil-solutions \/ Contre visite-finalisation<\/li>\n<\/ul>\n<p>Les axes de travail dans la vie de l\u2019entreprise :<\/p>\n<ul>\n<li>Environnement et paysage : qualit\u00e9 de vie, dynamisme, prosp\u00e9rit\u00e9, notori\u00e9t\u00e9 du quartier\u00a0et du secteur g\u00e9ographique.<\/li>\n<li>Configuration du b\u00e2timent : \u00e9quilibre des dimensions, secteurs manquants, forces et\u00a0faiblesses.<\/li>\n<li>Agencements, positions et orientations : la r\u00e9partition des zones, pi\u00e8ces et personnes doivent r\u00e9pondre aux exigences des syst\u00e8mes. Attribuer ou red\u00e9finir les espaces et\u00a0optimiser le travail et la coordination (dualit\u00e9 collectif\/individuel) au sein des \u00e9quipes.<\/li>\n<li>Valoriser son identit\u00e9 commerciale, son image et son expansion.<\/li>\n<li>D\u00e9finir ses objectifs politiques et strat\u00e9giques : communication, vente et r\u00e9sultats :\u00a0exporter ses valeurs marchandes (commerce international import\/export).<\/li>\n<\/ul>\n<h4><span style=\"color: #f9a515;\">B\u00e9n\u00e9fices<\/span><\/h4>\n<ul>\n<li>Apporter de la clart\u00e9 et de la densit\u00e9 \u00e0 la mission de la soci\u00e9t\u00e9.<\/li>\n<li>Permettre \u00e0 chaque salari\u00e9 de trouver sa juste place.<\/li>\n<li>Harmoniser les relations aux autres et faciliter les connexions au sein et \u00e0 l\u2019ext\u00e9rieur de l\u2019entreprise.<\/li>\n<li>Diminuer le stress et accro\u00eetre la concentration.<\/li>\n<li>Booster la capacit\u00e9 de votre entreprise \u00e0 prosp\u00e9rer.<\/li>\n<\/ul>\n<h4><span style=\"color: #f9a515;\">Tarifs<\/span><\/h4>\n<p>Base tarifaire estim\u00e9e au m2 selon les besoins identifi\u00e9s.<\/p>\n<p>Devis sur demande au <a href=\"http:\/\/www.lesensdulieu.com\">www.lesensdulieu.com<\/a><\/p>\n<p>Vous \u00eates professionnels de l\u2019habitat (architectes, d\u00e9corateurs, home organisers\u2026), rencontrons-nous\u00a0!<\/p>\n<p>[\/vc_column_text][\/vc_column_inner][vc_column_inner]<div class=\"cz_gap clr  hide_on_tablet hide_on_mobile\" style=\"height: 18px\"><\/div><div class=\"cz_gap show_on_tablet clr  show_only_tablet\" style=\"height: 10px\"><\/div><div class=\"cz_gap show_on_mobile clr\" style=\"height: 8px\"><\/div>[\/vc_column_inner][\/vc_row_inner][vc_row_inner equal_height=\u00a0\u00bbyes\u00a0\u00bb gap=\u00a0\u00bb20&Prime; css=\u00a0\u00bb.vc_custom_1616103328033{margin-top: -38px !important;}\u00a0\u00bb][vc_column_inner]<div class=\"cz_gap clr  hide_on_tablet hide_on_mobile\" style=\"height: 18px\"><\/div><div class=\"cz_gap show_on_tablet clr  show_only_tablet\" style=\"height: 10px\"><\/div><div class=\"cz_gap show_on_mobile clr\" style=\"height: 8px\"><\/div><div class=\"cz_gap clr  hide_on_tablet hide_on_mobile\" style=\"height: 18px\"><\/div><div class=\"cz_gap show_on_tablet clr  show_only_tablet\" style=\"height: 10px\"><\/div><div class=\"cz_gap show_on_mobile clr\" style=\"height: 8px\"><\/div><div id=\"cz_78194\" class=\"cz_78194 cz_title clr cz_mobile_text_center cz_title_pos_center tac wpb_animate_when_almost_visible fadeInUp\"><div class=\"cz_title_content\"><div class=\"cz_wpe_content\"><p class=\"MID-titres-ombres\" style=\"text-align: center;\"><span style=\"line-height: 1; font-family: inherit; font-size: 32px; color: #ffa007;\"><span style=\"display: block; font-weight: 400;\">COLLECTIVIT\u00c9S<\/span><\/span><\/p>\n<h3 style=\"text-align: center;\"><span style=\"color: #ffa308;\">Bien servir &amp; bien guider<\/span><\/h3>\n<\/div><\/div><\/div><div class=\"cz_gap clr  hide_on_tablet hide_on_mobile\" style=\"height: 54px\"><\/div><div class=\"cz_gap show_on_tablet clr  show_only_tablet\" style=\"height: 32px\"><\/div><div class=\"cz_gap show_on_mobile clr\" style=\"height: 16px\"><\/div>[\/vc_column_inner][\/vc_row_inner][vc_row_inner equal_height=\u00a0\u00bbyes\u00a0\u00bb gap=\u00a0\u00bb20&Prime; css=\u00a0\u00bb.vc_custom_1616103368422{margin-top: -38px !important;}\u00a0\u00bb][vc_column_inner width=\u00a0\u00bb1\/4&Prime;][vc_single_image image=\u00a0\u00bb2839&Prime; img_size=\u00a0\u00bbfull\u00a0\u00bb style=\u00a0\u00bbvc_box_rounded\u00a0\u00bb][vc_column_text css=\u00a0\u00bb.vc_custom_1616429555836{margin-top: -40px !important;}\u00a0\u00bb]<\/p>\n<p style=\"text-align: center;\"><span style=\"font-size: 10px;\">Cr\u00e9dit photo : Mikhail Derecha<\/span><\/p>\n<p>[\/vc_column_text]<div class=\"cz_gap clr  hide_on_tablet hide_on_mobile\" style=\"height: 18px\"><\/div><div class=\"cz_gap show_on_tablet clr  show_only_tablet\" style=\"height: 10px\"><\/div><div class=\"cz_gap show_on_mobile clr\" style=\"height: 8px\"><\/div>[\/vc_column_inner][vc_column_inner width=\u00a0\u00bb3\/4&Prime; css=\u00a0\u00bb.vc_custom_1616103162342{padding-top: 20px !important;padding-right: 24px !important;padding-bottom: 24px !important;padding-left: 24px !important;background-color: rgba(224,224,216,0.3) !important;*background-color: rgb(224,224,216) !important;}\u00a0\u00bb][vc_column_text]<\/p>\n<h4><span style=\"color: #f9a515;\">Manifeste<\/span><\/h4>\n<p>Les lieux d\u2019accueil collectif sont de plus en plus sollicit\u00e9s et visit\u00e9s. On y attend r\u00e9ponse, prise en charge, \u00e9coute, r\u00e9solution de probl\u00e8mes\u2026 Que ce soit les \u00e9coles, les lieux de restauration scolaire, les mairies, les CCAS, les lieux uniques\u2026 l\u2019organisation de ces lieux-ressources est essentielle pour apporter aux administr\u00e9s confort &#8211; compr\u00e9hension &#8211; \u00e9nergie et ainsi diminuer leur charge \u00e9motionnelle. S\u2019interroger sur la lumi\u00e8re, les couleurs, le mobilier, l\u2019am\u00e9nagement, permet de d\u00e9finir une fonction et une r\u00e9ponse \u00e0 chaque espace, afin de pr\u00e9server intimit\u00e9 et collectivit\u00e9, tout en renfor\u00e7ant l\u2019envie de mieux servir et de mieux guider. Gr\u00e2ce \u00e0 l\u2019observation, au nettoyage \u00e9nerg\u00e9tique et \u00e0 la r\u00e9organisation de vos espaces, nous allons co-cr\u00e9er un nouvel environnement propice au confort, \u00e0 la r\u00e9assurance et \u00e0 la valorisation des services.<\/p>\n<h4><span style=\"color: #f9a515;\">Accompagnement<\/span><\/h4>\n<p>Un accompagnement en 3 temps\u00a0:<\/p>\n<ul>\n<li>Visite-diagnostic\u00a0\/ Conseil-solutions \/ Contre visite-finalisation<\/li>\n<\/ul>\n<p>Les principales actions \u00e0 mener :<\/p>\n<p>&#8211; Proposer un environnement int\u00e9rieur et ext\u00e9rieur qualitatif : accessibilit\u00e9, signal\u00e9tique, confidentialit\u00e9 et respect des publics.<br \/>\n&#8211; Agencement et solutions : \u00e9quilibre des \u00e9l\u00e9ments, d\u00e9finition des ressources et moyens humains, gestion des \u00e9changes et mouvements.<br \/>\n&#8211; Identification des attentes du personnel et du public : mission et qualit\u00e9.<br \/>\n&#8211; D\u00e9finir, organiser et harmoniser les diff\u00e9rents espaces de rencontres et connexions.<br \/>\n&#8211; Choix et signature visuelle, acoustique, olfactive ou artistique.<\/p>\n<h4><span style=\"color: #f9a515;\">B\u00e9n\u00e9fices<\/span><\/h4>\n<ul>\n<li>Apporter de la stabilit\u00e9, de l\u2019ancrage et du confort.<\/li>\n<li>Faciliter les \u00e9changes et les partages dans le calme.<\/li>\n<li>Cr\u00e9er des conditions propices \u00e0 l\u2019aide, au soutien et \u00e0 la solidarit\u00e9.<\/li>\n<li>Favoriser le bien-\u00eatre des personnes re\u00e7ues et l\u2019\u00e9panouissement du personnel.<\/li>\n<\/ul>\n<h4><span style=\"color: #f9a515;\">Tarifs<\/span><\/h4>\n<p>Base tarifaire estim\u00e9e au m2 selon les besoins identifi\u00e9s.<\/p>\n<p>Devis sur demande au <a href=\"https:\/\/lesensdulieu.com\/index.php\/contact\/\">www.lesensdulieu.com<\/a><\/p>\n<p>[\/vc_column_text][\/vc_column_inner][vc_column_inner]<div class=\"cz_gap clr  hide_on_tablet hide_on_mobile\" style=\"height: 18px\"><\/div><div class=\"cz_gap show_on_tablet clr  show_only_tablet\" style=\"height: 10px\"><\/div><div class=\"cz_gap show_on_mobile clr\" style=\"height: 8px\"><\/div>[\/vc_column_inner][\/vc_row_inner][vc_row_inner][vc_column_inner css=\u00a0\u00bb.vc_custom_1616103670705{margin-top: 10px !important;margin-bottom: 24px !important;padding-top: 24px !important;}\u00a0\u00bb]<div class=\"cz_gap clr  hide_on_tablet hide_on_mobile\" style=\"height: 18px\"><\/div><div class=\"cz_gap show_on_tablet clr  show_only_tablet\" style=\"height: 10px\"><\/div><div class=\"cz_gap show_on_mobile clr\" style=\"height: 8px\"><\/div><div id=\"cz_59837\" class=\"cz_59837 cz_title clr cz_mobile_text_center cz_title_pos_center tac wpb_animate_when_almost_visible fadeInUp\"><div class=\"cz_title_content\"><div class=\"cz_wpe_content\"><p class=\"BIG-titres-ombres\" style=\"text-align: center;\"><span style=\"color: #ffa101;\"><span style=\"line-height: 1; font-family: inherit; font-size: 48px;\"><span style=\"display: block;\">\u0152IL &amp; BOUSSOLE<\/span><\/span><\/span><\/p>\n<\/div><\/div><\/div><div class=\"cz_gap clr  hide_on_tablet hide_on_mobile\" style=\"height: 18px\"><\/div><div class=\"cz_gap show_on_tablet clr  show_only_tablet\" style=\"height: 10px\"><\/div><div class=\"cz_gap show_on_mobile clr\" style=\"height: 8px\"><\/div>[\/vc_column_inner][\/vc_row_inner][\/vc_column][\/vc_row][vc_row][vc_column width=\u00a0\u00bb3\/4&Prime; css=\u00a0\u00bb.vc_custom_1616103397108{padding-top: 20px !important;padding-right: 24px !important;padding-bottom: 24px !important;padding-left: 24px !important;background-color: rgba(224,224,216,0.3) !important;*background-color: rgb(224,224,216) !important;}\u00a0\u00bb][vc_column_text]<\/p>\n<ul>\n<li style=\"list-style-type: none;\">\n<ul>\n<li>La <strong>visite-diagnostic<\/strong> in situ permet l\u2019analyse visuelle indispensable \u00e0 l\u2019audit du lieu.<\/li>\n<li>\u00c9tablir<b>\u00a0<\/b>le cahier des charges et poser le diagnostic pr\u00e9alable \u00e0 l\u2019expertise.<\/li>\n<li>La <strong>visite conseil-solutions<\/strong> consiste \u00e0 exposer les corrections propos\u00e9es et vous pr\u00e9senter le compte rendu de l\u2019analyse.<\/li>\n<li>La <strong>contre visite-finalisation<\/strong> permet de valider\u00a0et de sceller le Feng Shui.<\/li>\n<li>Le <strong>consulting<\/strong> (tarif\/horaire) permet de r\u00e9pondre \u00e0 une demande sp\u00e9cifique : achat ou vente d\u2019un bien, \u00e9quilibrage \u00e9nerg\u00e9tique, changements transitoires professionnels ou personnels.<\/li>\n<li>Dans le contexte actuel et pour l&rsquo;international, sachez que les consultations peuvent se d\u00e9rouler \u00e0 distance.<\/li>\n<li>Je propose des <strong>visites immo-conseil<\/strong> et vous accompagne dans vos achats immobiliers (tarif entre 80\u20ac et 320\u20ac \/ d\u00e9ductible apr\u00e8s l\u2019achat si nous collaborons sur un accompagnement dans le lieu acquis).<\/li>\n<li>J\u2019anime des ateliers et des conf\u00e9rences\u00a0: m\u00e9diath\u00e8ques, salons, thalassoth\u00e9rapie, instituts et magasins bio. Si vous souhaitez co-organiser un tel \u00e9v\u00e9nement, veuillez remplir la <strong><a href=\"https:\/\/lesensdulieu.com\/index.php\/contact\/\">fiche contact<\/a><\/strong>.<\/li>\n<li>Les tarifs indiqu\u00e9s sont nets et hors frais de d\u00e9placement.<\/li>\n<\/ul>\n<\/li>\n<\/ul>\n<p>[\/vc_column_text][\/vc_column][vc_column width=\u00a0\u00bb1\/4&Prime;][vc_single_image image=\u00a0\u00bb2842&Prime; img_size=\u00a0\u00bbfull\u00a0\u00bb style=\u00a0\u00bbvc_box_rounded\u00a0\u00bb][vc_column_text css=\u00a0\u00bb.vc_custom_1616429459206{margin-top: -40px !important;}\u00a0\u00bb]<\/p>\n<p style=\"text-align: center;\"><span style=\"font-size: 10px;\">Cr\u00e9dit photo : Alex Loup<\/span><\/p>\n<p>[\/vc_column_text][\/vc_column][\/vc_row]<\/p>\n<\/div>","protected":false},"excerpt":{"rendered":"<p>[vc_row full_width=\u00a0\u00bbstretch_row\u00a0\u00bb content_placement=\u00a0\u00bbmiddle\u00a0\u00bb css=\u00a0\u00bb.vc_custom_1556286232236{background-position: 0 0 !important;background-repeat: no-repeat !important;}\u00a0\u00bb][vc_column css=\u00a0\u00bb.vc_custom_1616103257133{background-position: center &#8230; <\/p>\n","protected":false},"author":1,"featured_media":0,"parent":0,"menu_order":0,"comment_status":"closed","ping_status":"closed","template":"","meta":{"footnotes":""},"class_list":["post-17","page","type-page","status-publish","hentry"],"yoast_head":"<!-- This site is optimized with the Yoast SEO plugin v27.5 - https:\/\/yoast.com\/product\/yoast-seo-wordpress\/ -->\n<title>Expertise - Le Sens du Lieu<\/title>\n<meta name=\"description\" content=\"L&#039;Expertise Feng Shui : COT\u00c9 PROFESSIONNEL Valoriser son identit\u00e9 commerciale, son image et son expansion, d\u00e9finir ses objectifs...\" \/>\n<meta name=\"robots\" content=\"index, follow, max-snippet:-1, max-image-preview:large, max-video-preview:-1\" \/>\n<link rel=\"canonical\" href=\"https:\/\/lesensdulieu.com\/index.php\/expertise\/\" \/>\n<meta property=\"og:locale\" content=\"fr_FR\" \/>\n<meta property=\"og:type\" content=\"article\" \/>\n<meta property=\"og:title\" content=\"Expertise - Le Sens du Lieu\" \/>\n<meta property=\"og:description\" content=\"L&#039;Expertise Feng Shui : COT\u00c9 PROFESSIONNEL Valoriser son identit\u00e9 commerciale, son image et son expansion, d\u00e9finir ses objectifs...\" \/>\n<meta property=\"og:url\" content=\"https:\/\/lesensdulieu.com\/index.php\/expertise\/\" \/>\n<meta property=\"og:site_name\" content=\"Le Sens du Lieu\" \/>\n<meta property=\"article:modified_time\" content=\"2021-04-07T08:53:50+00:00\" \/>\n<meta name=\"twitter:card\" content=\"summary_large_image\" \/>\n<script type=\"application\/ld+json\" class=\"yoast-schema-graph\">{\"@context\":\"https:\\\/\\\/schema.org\",\"@graph\":[{\"@type\":\"WebPage\",\"@id\":\"https:\\\/\\\/lesensdulieu.com\\\/index.php\\\/expertise\\\/\",\"url\":\"https:\\\/\\\/lesensdulieu.com\\\/index.php\\\/expertise\\\/\",\"name\":\"Expertise - Le Sens du Lieu\",\"isPartOf\":{\"@id\":\"https:\\\/\\\/lesensdulieu.com\\\/#website\"},\"datePublished\":\"2017-06-10T08:25:36+00:00\",\"dateModified\":\"2021-04-07T08:53:50+00:00\",\"description\":\"L'Expertise Feng Shui : COT\u00c9 PROFESSIONNEL Valoriser son identit\u00e9 commerciale, son image et son expansion, d\u00e9finir ses objectifs...\",\"breadcrumb\":{\"@id\":\"https:\\\/\\\/lesensdulieu.com\\\/index.php\\\/expertise\\\/#breadcrumb\"},\"inLanguage\":\"fr-FR\",\"potentialAction\":[{\"@type\":\"ReadAction\",\"target\":[\"https:\\\/\\\/lesensdulieu.com\\\/index.php\\\/expertise\\\/\"]}]},{\"@type\":\"BreadcrumbList\",\"@id\":\"https:\\\/\\\/lesensdulieu.com\\\/index.php\\\/expertise\\\/#breadcrumb\",\"itemListElement\":[{\"@type\":\"ListItem\",\"position\":1,\"name\":\"Accueil\",\"item\":\"https:\\\/\\\/lesensdulieu.com\\\/\"},{\"@type\":\"ListItem\",\"position\":2,\"name\":\"Expertise\"}]},{\"@type\":\"WebSite\",\"@id\":\"https:\\\/\\\/lesensdulieu.com\\\/#website\",\"url\":\"https:\\\/\\\/lesensdulieu.com\\\/\",\"name\":\"Le Sens du Lieu\",\"description\":\"Harmoniser individus et environnements\",\"publisher\":{\"@id\":\"https:\\\/\\\/lesensdulieu.com\\\/#organization\"},\"potentialAction\":[{\"@type\":\"SearchAction\",\"target\":{\"@type\":\"EntryPoint\",\"urlTemplate\":\"https:\\\/\\\/lesensdulieu.com\\\/?s={search_term_string}\"},\"query-input\":{\"@type\":\"PropertyValueSpecification\",\"valueRequired\":true,\"valueName\":\"search_term_string\"}}],\"inLanguage\":\"fr-FR\"},{\"@type\":\"Organization\",\"@id\":\"https:\\\/\\\/lesensdulieu.com\\\/#organization\",\"name\":\"Le Sens du Lieu\",\"url\":\"https:\\\/\\\/lesensdulieu.com\\\/\",\"logo\":{\"@type\":\"ImageObject\",\"inLanguage\":\"fr-FR\",\"@id\":\"https:\\\/\\\/lesensdulieu.com\\\/#\\\/schema\\\/logo\\\/image\\\/\",\"url\":\"https:\\\/\\\/lesensdulieu.com\\\/wp-content\\\/uploads\\\/2021\\\/03\\\/LOGO-2021-2.png\",\"contentUrl\":\"https:\\\/\\\/lesensdulieu.com\\\/wp-content\\\/uploads\\\/2021\\\/03\\\/LOGO-2021-2.png\",\"width\":1200,\"height\":330,\"caption\":\"Le Sens du Lieu\"},\"image\":{\"@id\":\"https:\\\/\\\/lesensdulieu.com\\\/#\\\/schema\\\/logo\\\/image\\\/\"}}]}<\/script>\n<!-- \/ Yoast SEO plugin. -->","yoast_head_json":{"title":"Expertise - Le Sens du Lieu","description":"L'Expertise Feng Shui : COT\u00c9 PROFESSIONNEL Valoriser son identit\u00e9 commerciale, son image et son expansion, d\u00e9finir ses objectifs...","robots":{"index":"index","follow":"follow","max-snippet":"max-snippet:-1","max-image-preview":"max-image-preview:large","max-video-preview":"max-video-preview:-1"},"canonical":"https:\/\/lesensdulieu.com\/index.php\/expertise\/","og_locale":"fr_FR","og_type":"article","og_title":"Expertise - Le Sens du Lieu","og_description":"L'Expertise Feng Shui : COT\u00c9 PROFESSIONNEL Valoriser son identit\u00e9 commerciale, son image et son expansion, d\u00e9finir ses objectifs...","og_url":"https:\/\/lesensdulieu.com\/index.php\/expertise\/","og_site_name":"Le Sens du Lieu","article_modified_time":"2021-04-07T08:53:50+00:00","twitter_card":"summary_large_image","schema":{"@context":"https:\/\/schema.org","@graph":[{"@type":"WebPage","@id":"https:\/\/lesensdulieu.com\/index.php\/expertise\/","url":"https:\/\/lesensdulieu.com\/index.php\/expertise\/","name":"Expertise - Le Sens du Lieu","isPartOf":{"@id":"https:\/\/lesensdulieu.com\/#website"},"datePublished":"2017-06-10T08:25:36+00:00","dateModified":"2021-04-07T08:53:50+00:00","description":"L'Expertise Feng Shui : COT\u00c9 PROFESSIONNEL Valoriser son identit\u00e9 commerciale, son image et son expansion, d\u00e9finir ses objectifs...","breadcrumb":{"@id":"https:\/\/lesensdulieu.com\/index.php\/expertise\/#breadcrumb"},"inLanguage":"fr-FR","potentialAction":[{"@type":"ReadAction","target":["https:\/\/lesensdulieu.com\/index.php\/expertise\/"]}]},{"@type":"BreadcrumbList","@id":"https:\/\/lesensdulieu.com\/index.php\/expertise\/#breadcrumb","itemListElement":[{"@type":"ListItem","position":1,"name":"Accueil","item":"https:\/\/lesensdulieu.com\/"},{"@type":"ListItem","position":2,"name":"Expertise"}]},{"@type":"WebSite","@id":"https:\/\/lesensdulieu.com\/#website","url":"https:\/\/lesensdulieu.com\/","name":"Le Sens du Lieu","description":"Harmoniser individus et environnements","publisher":{"@id":"https:\/\/lesensdulieu.com\/#organization"},"potentialAction":[{"@type":"SearchAction","target":{"@type":"EntryPoint","urlTemplate":"https:\/\/lesensdulieu.com\/?s={search_term_string}"},"query-input":{"@type":"PropertyValueSpecification","valueRequired":true,"valueName":"search_term_string"}}],"inLanguage":"fr-FR"},{"@type":"Organization","@id":"https:\/\/lesensdulieu.com\/#organization","name":"Le Sens du Lieu","url":"https:\/\/lesensdulieu.com\/","logo":{"@type":"ImageObject","inLanguage":"fr-FR","@id":"https:\/\/lesensdulieu.com\/#\/schema\/logo\/image\/","url":"https:\/\/lesensdulieu.com\/wp-content\/uploads\/2021\/03\/LOGO-2021-2.png","contentUrl":"https:\/\/lesensdulieu.com\/wp-content\/uploads\/2021\/03\/LOGO-2021-2.png","width":1200,"height":330,"caption":"Le Sens du Lieu"},"image":{"@id":"https:\/\/lesensdulieu.com\/#\/schema\/logo\/image\/"}}]}},"_links":{"self":[{"href":"https:\/\/lesensdulieu.com\/index.php\/wp-json\/wp\/v2\/pages\/17","targetHints":{"allow":["GET"]}}],"collection":[{"href":"https:\/\/lesensdulieu.com\/index.php\/wp-json\/wp\/v2\/pages"}],"about":[{"href":"https:\/\/lesensdulieu.com\/index.php\/wp-json\/wp\/v2\/types\/page"}],"author":[{"embeddable":true,"href":"https:\/\/lesensdulieu.com\/index.php\/wp-json\/wp\/v2\/users\/1"}],"replies":[{"embeddable":true,"href":"https:\/\/lesensdulieu.com\/index.php\/wp-json\/wp\/v2\/comments?post=17"}],"version-history":[{"count":0,"href":"https:\/\/lesensdulieu.com\/index.php\/wp-json\/wp\/v2\/pages\/17\/revisions"}],"wp:attachment":[{"href":"https:\/\/lesensdulieu.com\/index.php\/wp-json\/wp\/v2\/media?parent=17"}],"curies":[{"name":"wp","href":"https:\/\/api.w.org\/{rel}","templated":true}]}}